{"id":4263,"date":"2020-06-29T12:15:41","date_gmt":"2020-06-29T12:15:41","guid":{"rendered":"https:\/\/www.lammi.fi\/kivitalo?page_id=4263"},"modified":"2023-03-30T11:35:28","modified_gmt":"2023-03-30T08:35:28","slug":"duplio-tynell","status":"publish","type":"page","link":"https:\/\/www.lammi.fi\/kivitalo\/ideointi\/asuntomessut\/asuntomessut-2020\/duplio-tynell\/","title":{"rendered":"Duplio Tynell"},"content":{"rendered":"<h1>Duplio Tynell<\/h1>\n<h3>3 h + kt + sauna + autokatos + varasto<\/h3>\n<p><img decoding=\"async\" class=\"alignnone wp-image-4272 size-large\" src=\"https:\/\/www.lammi.fi\/kivitalo\/wp-content\/uploads\/sites\/2\/2020\/06\/asuntomessukohteet_kohteet_A-1024x544.jpg\" alt=\"\" width=\"840\" height=\"446\" srcset=\"https:\/\/www.lammi.fi\/kivitalo\/wp-content\/uploads\/sites\/2\/2020\/06\/asuntomessukohteet_kohteet_A-1024x544.jpg 1024w, https:\/\/www.lammi.fi\/kivitalo\/wp-content\/uploads\/sites\/2\/2020\/06\/asuntomessukohteet_kohteet_A-300x159.jpg 300w, https:\/\/www.lammi.fi\/kivitalo\/wp-content\/uploads\/sites\/2\/2020\/06\/asuntomessukohteet_kohteet_A-768x408.jpg 768w, https:\/\/www.lammi.fi\/kivitalo\/wp-content\/uploads\/sites\/2\/2020\/06\/asuntomessukohteet_kohteet_A-1536x816.jpg 1536w, https:\/\/www.lammi.fi\/kivitalo\/wp-content\/uploads\/sites\/2\/2020\/06\/asuntomessukohteet_kohteet_A-1200x638.jpg 1200w, https:\/\/www.lammi.fi\/kivitalo\/wp-content\/uploads\/sites\/2\/2020\/06\/asuntomessukohteet_kohteet_A-260x138.jpg 260w, https:\/\/www.lammi.fi\/kivitalo\/wp-content\/uploads\/sites\/2\/2020\/06\/asuntomessukohteet_kohteet_A-1129x600.jpg 1129w, https:\/\/www.lammi.fi\/kivitalo\/wp-content\/uploads\/sites\/2\/2020\/06\/asuntomessukohteet_kohteet_A.jpg 1600w\" sizes=\"(max-width: 709px) 85vw, (max-width: 909px) 67vw, (max-width: 1362px) 62vw, 840px\" \/><\/p>\n<p>Aila Tynellin koti on suunniteltu aktiiviselle aikuiselle, joka tarvitsee tilaa harrastuksilleen ja ylim\u00e4\u00e4r\u00e4isen makuuhuoneen sukulaisten y\u00f6kyl\u00e4ily\u00e4 varten. Sanna Piitulainen suunnittelemassa sisustuksessa v\u00e4rimaailma pidettiin lempe\u00e4n harmonisena, jolloin ainutlaatuiset Paavo Tynellin valaisimet ja Helena Tynellin lasitaide p\u00e4\u00e4sev\u00e4t oikeuksiinsa.<\/p>\n<p><img decoding=\"async\" class=\"alignnone size-large wp-image-4618\" src=\"https:\/\/www.lammi.fi\/kivitalo\/wp-content\/uploads\/sites\/2\/2020\/06\/Duplio_pohjakuva_1krs-1024x829.jpg\" alt=\"\" width=\"840\" height=\"680\" srcset=\"https:\/\/www.lammi.fi\/kivitalo\/wp-content\/uploads\/sites\/2\/2020\/06\/Duplio_pohjakuva_1krs-1024x829.jpg 1024w, https:\/\/www.lammi.fi\/kivitalo\/wp-content\/uploads\/sites\/2\/2020\/06\/Duplio_pohjakuva_1krs-300x243.jpg 300w, https:\/\/www.lammi.fi\/kivitalo\/wp-content\/uploads\/sites\/2\/2020\/06\/Duplio_pohjakuva_1krs-768x622.jpg 768w, https:\/\/www.lammi.fi\/kivitalo\/wp-content\/uploads\/sites\/2\/2020\/06\/Duplio_pohjakuva_1krs-1536x1244.jpg 1536w, https:\/\/www.lammi.fi\/kivitalo\/wp-content\/uploads\/sites\/2\/2020\/06\/Duplio_pohjakuva_1krs-1200x972.jpg 1200w, https:\/\/www.lammi.fi\/kivitalo\/wp-content\/uploads\/sites\/2\/2020\/06\/Duplio_pohjakuva_1krs-260x211.jpg 260w, https:\/\/www.lammi.fi\/kivitalo\/wp-content\/uploads\/sites\/2\/2020\/06\/Duplio_pohjakuva_1krs-741x600.jpg 741w, https:\/\/www.lammi.fi\/kivitalo\/wp-content\/uploads\/sites\/2\/2020\/06\/Duplio_pohjakuva_1krs.jpg 1600w\" sizes=\"(max-width: 709px) 85vw, (max-width: 909px) 67vw, (max-width: 1362px) 62vw, 840px\" \/> <img decoding=\"async\" class=\"alignnone size-large wp-image-4620\" src=\"https:\/\/www.lammi.fi\/kivitalo\/wp-content\/uploads\/sites\/2\/2020\/06\/Duplio_pohjakuva_2krs-1024x829.jpg\" alt=\"\" width=\"840\" height=\"680\" srcset=\"https:\/\/www.lammi.fi\/kivitalo\/wp-content\/uploads\/sites\/2\/2020\/06\/Duplio_pohjakuva_2krs-1024x829.jpg 1024w, https:\/\/www.lammi.fi\/kivitalo\/wp-content\/uploads\/sites\/2\/2020\/06\/Duplio_pohjakuva_2krs-300x243.jpg 300w, https:\/\/www.lammi.fi\/kivitalo\/wp-content\/uploads\/sites\/2\/2020\/06\/Duplio_pohjakuva_2krs-768x622.jpg 768w, https:\/\/www.lammi.fi\/kivitalo\/wp-content\/uploads\/sites\/2\/2020\/06\/Duplio_pohjakuva_2krs-1536x1244.jpg 1536w, https:\/\/www.lammi.fi\/kivitalo\/wp-content\/uploads\/sites\/2\/2020\/06\/Duplio_pohjakuva_2krs-1200x972.jpg 1200w, https:\/\/www.lammi.fi\/kivitalo\/wp-content\/uploads\/sites\/2\/2020\/06\/Duplio_pohjakuva_2krs-260x211.jpg 260w, https:\/\/www.lammi.fi\/kivitalo\/wp-content\/uploads\/sites\/2\/2020\/06\/Duplio_pohjakuva_2krs-741x600.jpg 741w, https:\/\/www.lammi.fi\/kivitalo\/wp-content\/uploads\/sites\/2\/2020\/06\/Duplio_pohjakuva_2krs.jpg 1600w\" sizes=\"(max-width: 709px) 85vw, (max-width: 909px) 67vw, (max-width: 1362px) 62vw, 840px\" \/><\/p>\n<p><img decoding=\"async\" class=\"alignnone size-large wp-image-4336\" src=\"https:\/\/www.lammi.fi\/kivitalo\/wp-content\/uploads\/sites\/2\/2020\/06\/asuntomessukohteet_kohteiden_kuvitus_A_1-2-1024x768.jpg\" alt=\"\" width=\"840\" height=\"630\" srcset=\"https:\/\/www.lammi.fi\/kivitalo\/wp-content\/uploads\/sites\/2\/2020\/06\/asuntomessukohteet_kohteiden_kuvitus_A_1-2-1024x768.jpg 1024w, https:\/\/www.lammi.fi\/kivitalo\/wp-content\/uploads\/sites\/2\/2020\/06\/asuntomessukohteet_kohteiden_kuvitus_A_1-2-300x225.jpg 300w, https:\/\/www.lammi.fi\/kivitalo\/wp-content\/uploads\/sites\/2\/2020\/06\/asuntomessukohteet_kohteiden_kuvitus_A_1-2-768x576.jpg 768w, https:\/\/www.lammi.fi\/kivitalo\/wp-content\/uploads\/sites\/2\/2020\/06\/asuntomessukohteet_kohteiden_kuvitus_A_1-2-1536x1152.jpg 1536w, https:\/\/www.lammi.fi\/kivitalo\/wp-content\/uploads\/sites\/2\/2020\/06\/asuntomessukohteet_kohteiden_kuvitus_A_1-2-1200x900.jpg 1200w, https:\/\/www.lammi.fi\/kivitalo\/wp-content\/uploads\/sites\/2\/2020\/06\/asuntomessukohteet_kohteiden_kuvitus_A_1-2-260x195.jpg 260w, https:\/\/www.lammi.fi\/kivitalo\/wp-content\/uploads\/sites\/2\/2020\/06\/asuntomessukohteet_kohteiden_kuvitus_A_1-2-800x600.jpg 800w, https:\/\/www.lammi.fi\/kivitalo\/wp-content\/uploads\/sites\/2\/2020\/06\/asuntomessukohteet_kohteiden_kuvitus_A_1-2.jpg 1600w\" sizes=\"(max-width: 709px) 85vw, (max-width: 909px) 67vw, (max-width: 1362px) 62vw, 840px\" \/><\/p>\n<p>Katse yksityiskohtiin. T\u00e4ss\u00e4 kodissa n\u00e4kee, miten harkitut linjat ja ylelliset materiaalit toimivat my\u00f6s kodikkaassa tyyliss\u00e4.<\/p>\n<p><img decoding=\"async\" class=\"alignnone size-large wp-image-4338\" src=\"https:\/\/www.lammi.fi\/kivitalo\/wp-content\/uploads\/sites\/2\/2020\/06\/asuntomessukohteet_kohteiden_kuvitus_A_2-1-1024x768.jpg\" alt=\"\" width=\"840\" height=\"630\" srcset=\"https:\/\/www.lammi.fi\/kivitalo\/wp-content\/uploads\/sites\/2\/2020\/06\/asuntomessukohteet_kohteiden_kuvitus_A_2-1-1024x768.jpg 1024w, https:\/\/www.lammi.fi\/kivitalo\/wp-content\/uploads\/sites\/2\/2020\/06\/asuntomessukohteet_kohteiden_kuvitus_A_2-1-300x225.jpg 300w, https:\/\/www.lammi.fi\/kivitalo\/wp-content\/uploads\/sites\/2\/2020\/06\/asuntomessukohteet_kohteiden_kuvitus_A_2-1-768x576.jpg 768w, https:\/\/www.lammi.fi\/kivitalo\/wp-content\/uploads\/sites\/2\/2020\/06\/asuntomessukohteet_kohteiden_kuvitus_A_2-1-1536x1152.jpg 1536w, https:\/\/www.lammi.fi\/kivitalo\/wp-content\/uploads\/sites\/2\/2020\/06\/asuntomessukohteet_kohteiden_kuvitus_A_2-1-1200x900.jpg 1200w, https:\/\/www.lammi.fi\/kivitalo\/wp-content\/uploads\/sites\/2\/2020\/06\/asuntomessukohteet_kohteiden_kuvitus_A_2-1-260x195.jpg 260w, https:\/\/www.lammi.fi\/kivitalo\/wp-content\/uploads\/sites\/2\/2020\/06\/asuntomessukohteet_kohteiden_kuvitus_A_2-1-800x600.jpg 800w, https:\/\/www.lammi.fi\/kivitalo\/wp-content\/uploads\/sites\/2\/2020\/06\/asuntomessukohteet_kohteiden_kuvitus_A_2-1.jpg 1600w\" sizes=\"(max-width: 709px) 85vw, (max-width: 909px) 67vw, (max-width: 1362px) 62vw, 840px\" \/><\/p>\n<p>Alakerran korkeissa oleskelutiloissa viihdyt\u00e4\u00e4n yksin ja yhdess\u00e4. Koko kodin sisustus on maustettu pehmeill\u00e4 puuteriroosan s\u00e4vyill\u00e4.<\/p>\n<p><img decoding=\"async\" class=\"alignnone size-large wp-image-4340\" src=\"https:\/\/www.lammi.fi\/kivitalo\/wp-content\/uploads\/sites\/2\/2020\/06\/asuntomessukohteet_kohteiden_kuvitus_A_3-1-1024x768.jpg\" alt=\"\" width=\"840\" height=\"630\" srcset=\"https:\/\/www.lammi.fi\/kivitalo\/wp-content\/uploads\/sites\/2\/2020\/06\/asuntomessukohteet_kohteiden_kuvitus_A_3-1-1024x768.jpg 1024w, https:\/\/www.lammi.fi\/kivitalo\/wp-content\/uploads\/sites\/2\/2020\/06\/asuntomessukohteet_kohteiden_kuvitus_A_3-1-300x225.jpg 300w, https:\/\/www.lammi.fi\/kivitalo\/wp-content\/uploads\/sites\/2\/2020\/06\/asuntomessukohteet_kohteiden_kuvitus_A_3-1-768x576.jpg 768w, https:\/\/www.lammi.fi\/kivitalo\/wp-content\/uploads\/sites\/2\/2020\/06\/asuntomessukohteet_kohteiden_kuvitus_A_3-1-1536x1152.jpg 1536w, https:\/\/www.lammi.fi\/kivitalo\/wp-content\/uploads\/sites\/2\/2020\/06\/asuntomessukohteet_kohteiden_kuvitus_A_3-1-1200x900.jpg 1200w, https:\/\/www.lammi.fi\/kivitalo\/wp-content\/uploads\/sites\/2\/2020\/06\/asuntomessukohteet_kohteiden_kuvitus_A_3-1-260x195.jpg 260w, https:\/\/www.lammi.fi\/kivitalo\/wp-content\/uploads\/sites\/2\/2020\/06\/asuntomessukohteet_kohteiden_kuvitus_A_3-1-800x600.jpg 800w, https:\/\/www.lammi.fi\/kivitalo\/wp-content\/uploads\/sites\/2\/2020\/06\/asuntomessukohteet_kohteiden_kuvitus_A_3-1.jpg 1600w\" sizes=\"(max-width: 709px) 85vw, (max-width: 909px) 67vw, (max-width: 1362px) 62vw, 840px\" \/><\/p>\n<p>Sein\u00e4elementit katseenvangitsijoina. Alakerran korkeaan tilaan suunniteltiin upea valoakustiikkateos.<\/p>\n<p><img decoding=\"async\" class=\"alignnone size-large wp-image-4342\" src=\"https:\/\/www.lammi.fi\/kivitalo\/wp-content\/uploads\/sites\/2\/2020\/06\/asuntomessukohteet_kohteiden_kuvitus_A_4-1-1024x768.jpg\" alt=\"\" width=\"840\" height=\"630\" srcset=\"https:\/\/www.lammi.fi\/kivitalo\/wp-content\/uploads\/sites\/2\/2020\/06\/asuntomessukohteet_kohteiden_kuvitus_A_4-1-1024x768.jpg 1024w, https:\/\/www.lammi.fi\/kivitalo\/wp-content\/uploads\/sites\/2\/2020\/06\/asuntomessukohteet_kohteiden_kuvitus_A_4-1-300x225.jpg 300w, https:\/\/www.lammi.fi\/kivitalo\/wp-content\/uploads\/sites\/2\/2020\/06\/asuntomessukohteet_kohteiden_kuvitus_A_4-1-768x576.jpg 768w, https:\/\/www.lammi.fi\/kivitalo\/wp-content\/uploads\/sites\/2\/2020\/06\/asuntomessukohteet_kohteiden_kuvitus_A_4-1-1536x1152.jpg 1536w, https:\/\/www.lammi.fi\/kivitalo\/wp-content\/uploads\/sites\/2\/2020\/06\/asuntomessukohteet_kohteiden_kuvitus_A_4-1-1200x900.jpg 1200w, https:\/\/www.lammi.fi\/kivitalo\/wp-content\/uploads\/sites\/2\/2020\/06\/asuntomessukohteet_kohteiden_kuvitus_A_4-1-260x195.jpg 260w, https:\/\/www.lammi.fi\/kivitalo\/wp-content\/uploads\/sites\/2\/2020\/06\/asuntomessukohteet_kohteiden_kuvitus_A_4-1-800x600.jpg 800w, https:\/\/www.lammi.fi\/kivitalo\/wp-content\/uploads\/sites\/2\/2020\/06\/asuntomessukohteet_kohteiden_kuvitus_A_4-1.jpg 1600w\" sizes=\"(max-width: 709px) 85vw, (max-width: 909px) 67vw, (max-width: 1362px) 62vw, 840px\" \/><\/p>\n<p>N\u00e4ytt\u00e4v\u00e4 sein\u00e4paneeli s\u00e4v\u00e4ytt\u00e4\u00e4 molemmissa yl\u00e4kerran makuuhuoneissa. Puu tuo kokonaisuuteen kaunista, luonnollista l\u00e4mp\u00f6\u00e4.<\/p>\n<p><img decoding=\"async\" class=\"alignnone size-large wp-image-4344\" src=\"https:\/\/www.lammi.fi\/kivitalo\/wp-content\/uploads\/sites\/2\/2020\/06\/asuntomessukohteet_kohteiden_kuvitus_A_5-1024x768.jpg\" alt=\"\" width=\"840\" height=\"630\" srcset=\"https:\/\/www.lammi.fi\/kivitalo\/wp-content\/uploads\/sites\/2\/2020\/06\/asuntomessukohteet_kohteiden_kuvitus_A_5-1024x768.jpg 1024w, https:\/\/www.lammi.fi\/kivitalo\/wp-content\/uploads\/sites\/2\/2020\/06\/asuntomessukohteet_kohteiden_kuvitus_A_5-300x225.jpg 300w, https:\/\/www.lammi.fi\/kivitalo\/wp-content\/uploads\/sites\/2\/2020\/06\/asuntomessukohteet_kohteiden_kuvitus_A_5-768x576.jpg 768w, https:\/\/www.lammi.fi\/kivitalo\/wp-content\/uploads\/sites\/2\/2020\/06\/asuntomessukohteet_kohteiden_kuvitus_A_5-1536x1152.jpg 1536w, https:\/\/www.lammi.fi\/kivitalo\/wp-content\/uploads\/sites\/2\/2020\/06\/asuntomessukohteet_kohteiden_kuvitus_A_5-1200x900.jpg 1200w, https:\/\/www.lammi.fi\/kivitalo\/wp-content\/uploads\/sites\/2\/2020\/06\/asuntomessukohteet_kohteiden_kuvitus_A_5-260x195.jpg 260w, https:\/\/www.lammi.fi\/kivitalo\/wp-content\/uploads\/sites\/2\/2020\/06\/asuntomessukohteet_kohteiden_kuvitus_A_5-800x600.jpg 800w, https:\/\/www.lammi.fi\/kivitalo\/wp-content\/uploads\/sites\/2\/2020\/06\/asuntomessukohteet_kohteiden_kuvitus_A_5.jpg 1600w\" sizes=\"(max-width: 709px) 85vw, (max-width: 909px) 67vw, (max-width: 1362px) 62vw, 840px\" \/><\/p>\n<p>Tyylik\u00e4s harmaa ja l\u00e4mmin puu luovat puitteet todelliselle arkip\u00e4iv\u00e4n hemmottelulle. Kylpyhuone ja sauna suunniteltiin helppohoitoisiksi.<\/p>\n<p><strong>Tutustu my\u00f6s:<\/strong> nelihenkisen perheen harkittuja yksityiskohtia sis\u00e4lt\u00e4v\u00e4 <a href=\"https:\/\/www.lammi.fi\/kivitalo\/ideointi\/asuntomessut\/asuntomessut-2020\/duplio-aalto\/\">Duplio Aalto \u00bb<\/a><\/p>\n","protected":false},"excerpt":{"rendered":"<p>Duplio Tynell 3 h + kt + sauna + autokatos + varasto Aila Tynellin koti on suunniteltu aktiiviselle aikuiselle, joka tarvitsee tilaa harrastuksilleen ja ylim\u00e4\u00e4r\u00e4isen makuuhuoneen sukulaisten y\u00f6kyl\u00e4ily\u00e4 varten. Sanna Piitulainen suunnittelemassa sisustuksessa v\u00e4rimaailma pidettiin lempe\u00e4n harmonisena, jolloin ainutlaatuiset Paavo Tynellin valaisimet ja Helena Tynellin lasitaide p\u00e4\u00e4sev\u00e4t oikeuksiinsa. Katse yksityiskohtiin. T\u00e4ss\u00e4 kodissa n\u00e4kee, miten harkitut &hellip; <a href=\"https:\/\/www.lammi.fi\/kivitalo\/ideointi\/asuntomessut\/asuntomessut-2020\/duplio-tynell\/\" class=\"more-link\">Lue lis\u00e4\u00e4<span class=\"screen-reader-text\"> &#8221;Duplio Tynell&#8221;<\/span><\/a><\/p>\n","protected":false},"author":12,"featured_media":0,"parent":4260,"menu_order":0,"comment_status":"closed","ping_status":"closed","template":"page-lataa-lomake.php","meta":{"_acf_changed":false,"_improvement_type_select":"improve_an_existing","_thumb_yes_seoaic":false,"_frame_yes_seoaic":false,"seoaic_generate_description":"","seoaic_improve_instructions_prompt":"","seoaic_rollback_content_improvement":"","seoaic_idea_thumbnail_generator":"","thumbnail_generated":false,"thumbnail_generate_prompt":"","seoaic_article_description":"","footnotes":""},"class_list":["post-4263","page","type-page","status-publish","hentry"],"acf":[],"yoast_head":"<!-- This site is optimized with the Yoast SEO plugin v27.4 - https:\/\/yoast.com\/product\/yoast-seo-wordpress\/ -->\n<title>Lammi Kivitalo - Duplio Tynell<\/title>\n<link rel=\"canonical\" href=\"https:\/\/www.lammi.fi\/kivitalo\/ideointi\/asuntomessut\/asuntomessut-2020\/duplio-tynell\/\" \/>\n<meta property=\"og:locale\" content=\"fi_FI\" \/>\n<meta property=\"og:type\" content=\"article\" \/>\n<meta property=\"og:title\" content=\"Lammi Kivitalo - Duplio Tynell\" \/>\n<meta property=\"og:description\" content=\"Duplio Tynell 3 h + kt + sauna + autokatos + varasto Aila Tynellin koti on suunniteltu aktiiviselle aikuiselle, joka tarvitsee tilaa harrastuksilleen ja ylim\u00e4\u00e4r\u00e4isen makuuhuoneen sukulaisten y\u00f6kyl\u00e4ily\u00e4 varten. Sanna Piitulainen suunnittelemassa sisustuksessa v\u00e4rimaailma pidettiin lempe\u00e4n harmonisena, jolloin ainutlaatuiset Paavo Tynellin valaisimet ja Helena Tynellin lasitaide p\u00e4\u00e4sev\u00e4t oikeuksiinsa. Katse yksityiskohtiin. T\u00e4ss\u00e4 kodissa n\u00e4kee, miten harkitut &hellip; Lue lis\u00e4\u00e4 &quot;Duplio Tynell&quot;\" \/>\n<meta property=\"og:url\" content=\"https:\/\/www.lammi.fi\/kivitalo\/ideointi\/asuntomessut\/asuntomessut-2020\/duplio-tynell\/\" \/>\n<meta property=\"og:site_name\" content=\"Lammi Kivitalo\" \/>\n<meta property=\"article:publisher\" content=\"https:\/\/www.facebook.com\/LammiKivitalot\" \/>\n<meta property=\"article:modified_time\" content=\"2023-03-30T08:35:28+00:00\" \/>\n<meta property=\"og:image\" content=\"https:\/\/www.lammi.fi\/kivitalo\/wp-content\/uploads\/sites\/2\/2020\/06\/asuntomessukohteet_kohteet_A-1024x544.jpg\" \/>\n<meta name=\"twitter:card\" content=\"summary_large_image\" \/>\n<meta name=\"twitter:label1\" content=\"Arvioitu lukuaika\" \/>\n\t<meta name=\"twitter:data1\" content=\"3 minuuttia\" \/>\n<script type=\"application\/ld+json\" class=\"yoast-schema-graph\">{\"@context\":\"https:\\\/\\\/schema.org\",\"@graph\":[{\"@type\":\"WebPage\",\"@id\":\"https:\\\/\\\/www.lammi.fi\\\/kivitalo\\\/ideointi\\\/asuntomessut\\\/asuntomessut-2020\\\/duplio-tynell\\\/\",\"url\":\"https:\\\/\\\/www.lammi.fi\\\/kivitalo\\\/ideointi\\\/asuntomessut\\\/asuntomessut-2020\\\/duplio-tynell\\\/\",\"name\":\"Lammi Kivitalo - Duplio Tynell\",\"isPartOf\":{\"@id\":\"https:\\\/\\\/www.lammi.fi\\\/kivitalo\\\/#website\"},\"primaryImageOfPage\":{\"@id\":\"https:\\\/\\\/www.lammi.fi\\\/kivitalo\\\/ideointi\\\/asuntomessut\\\/asuntomessut-2020\\\/duplio-tynell\\\/#primaryimage\"},\"image\":{\"@id\":\"https:\\\/\\\/www.lammi.fi\\\/kivitalo\\\/ideointi\\\/asuntomessut\\\/asuntomessut-2020\\\/duplio-tynell\\\/#primaryimage\"},\"thumbnailUrl\":\"https:\\\/\\\/www.lammi.fi\\\/kivitalo\\\/wp-content\\\/uploads\\\/sites\\\/2\\\/2020\\\/06\\\/asuntomessukohteet_kohteet_A-1024x544.jpg\",\"datePublished\":\"2020-06-29T12:15:41+00:00\",\"dateModified\":\"2023-03-30T08:35:28+00:00\",\"breadcrumb\":{\"@id\":\"https:\\\/\\\/www.lammi.fi\\\/kivitalo\\\/ideointi\\\/asuntomessut\\\/asuntomessut-2020\\\/duplio-tynell\\\/#breadcrumb\"},\"inLanguage\":\"fi\",\"potentialAction\":[{\"@type\":\"ReadAction\",\"target\":[\"https:\\\/\\\/www.lammi.fi\\\/kivitalo\\\/ideointi\\\/asuntomessut\\\/asuntomessut-2020\\\/duplio-tynell\\\/\"]}]},{\"@type\":\"ImageObject\",\"inLanguage\":\"fi\",\"@id\":\"https:\\\/\\\/www.lammi.fi\\\/kivitalo\\\/ideointi\\\/asuntomessut\\\/asuntomessut-2020\\\/duplio-tynell\\\/#primaryimage\",\"url\":\"https:\\\/\\\/www.lammi.fi\\\/kivitalo\\\/wp-content\\\/uploads\\\/sites\\\/2\\\/2020\\\/06\\\/asuntomessukohteet_kohteet_A.jpg\",\"contentUrl\":\"https:\\\/\\\/www.lammi.fi\\\/kivitalo\\\/wp-content\\\/uploads\\\/sites\\\/2\\\/2020\\\/06\\\/asuntomessukohteet_kohteet_A.jpg\",\"width\":1600,\"height\":850},{\"@type\":\"BreadcrumbList\",\"@id\":\"https:\\\/\\\/www.lammi.fi\\\/kivitalo\\\/ideointi\\\/asuntomessut\\\/asuntomessut-2020\\\/duplio-tynell\\\/#breadcrumb\",\"itemListElement\":[{\"@type\":\"ListItem\",\"position\":1,\"name\":\"Lammi.fi\",\"item\":\"https:\\\/\\\/www.lammi.fi\"},{\"@type\":\"ListItem\",\"position\":2,\"name\":\"Lammi Kivitalo\",\"item\":\"https:\\\/\\\/www.lammi.fi\\\/kivitalo\\\/\"},{\"@type\":\"ListItem\",\"position\":3,\"name\":\"Ideointi\",\"item\":\"https:\\\/\\\/www.lammi.fi\\\/kivitalo\\\/ideointi\\\/\"},{\"@type\":\"ListItem\",\"position\":4,\"name\":\"Asuntomessut\",\"item\":\"https:\\\/\\\/www.lammi.fi\\\/kivitalo\\\/ideointi\\\/asuntomessut\\\/\"},{\"@type\":\"ListItem\",\"position\":5,\"name\":\"Asuntomessut 2020\",\"item\":\"https:\\\/\\\/www.lammi.fi\\\/kivitalo\\\/ideointi\\\/asuntomessut\\\/asuntomessut-2020\\\/\"},{\"@type\":\"ListItem\",\"position\":6,\"name\":\"Duplio Tynell\"}]},{\"@type\":\"WebSite\",\"@id\":\"https:\\\/\\\/www.lammi.fi\\\/kivitalo\\\/#website\",\"url\":\"https:\\\/\\\/www.lammi.fi\\\/kivitalo\\\/\",\"name\":\"Lammi Kivitalo\",\"description\":\"\",\"publisher\":{\"@id\":\"https:\\\/\\\/www.lammi.fi\\\/kivitalo\\\/#organization\"},\"potentialAction\":[{\"@type\":\"SearchAction\",\"target\":{\"@type\":\"EntryPoint\",\"urlTemplate\":\"https:\\\/\\\/www.lammi.fi\\\/kivitalo\\\/?s={search_term_string}\"},\"query-input\":{\"@type\":\"PropertyValueSpecification\",\"valueRequired\":true,\"valueName\":\"search_term_string\"}}],\"inLanguage\":\"fi\"},{\"@type\":\"Organization\",\"@id\":\"https:\\\/\\\/www.lammi.fi\\\/kivitalo\\\/#organization\",\"name\":\"Lammi Kivitalo\",\"url\":\"https:\\\/\\\/www.lammi.fi\\\/kivitalo\\\/\",\"logo\":{\"@type\":\"ImageObject\",\"inLanguage\":\"fi\",\"@id\":\"https:\\\/\\\/www.lammi.fi\\\/kivitalo\\\/#\\\/schema\\\/logo\\\/image\\\/\",\"url\":\"https:\\\/\\\/www.lammi.fi\\\/kivitalo\\\/wp-content\\\/uploads\\\/sites\\\/2\\\/2018\\\/05\\\/cropped-lammi_logo.png\",\"contentUrl\":\"https:\\\/\\\/www.lammi.fi\\\/kivitalo\\\/wp-content\\\/uploads\\\/sites\\\/2\\\/2018\\\/05\\\/cropped-lammi_logo.png\",\"width\":240,\"height\":122,\"caption\":\"Lammi Kivitalo\"},\"image\":{\"@id\":\"https:\\\/\\\/www.lammi.fi\\\/kivitalo\\\/#\\\/schema\\\/logo\\\/image\\\/\"},\"sameAs\":[\"https:\\\/\\\/www.facebook.com\\\/LammiKivitalot\",\"https:\\\/\\\/www.instagram.com\\\/lammikivitalot\\\/\",\"https:\\\/\\\/fi.pinterest.com\\\/lammikivitalot\\\/\"]}]}<\/script>\n<!-- \/ Yoast SEO plugin. -->","yoast_head_json":{"title":"Lammi Kivitalo - Duplio Tynell","canonical":"https:\/\/www.lammi.fi\/kivitalo\/ideointi\/asuntomessut\/asuntomessut-2020\/duplio-tynell\/","og_locale":"fi_FI","og_type":"article","og_title":"Lammi Kivitalo - Duplio Tynell","og_description":"Duplio Tynell 3 h + kt + sauna + autokatos + varasto Aila Tynellin koti on suunniteltu aktiiviselle aikuiselle, joka tarvitsee tilaa harrastuksilleen ja ylim\u00e4\u00e4r\u00e4isen makuuhuoneen sukulaisten y\u00f6kyl\u00e4ily\u00e4 varten. Sanna Piitulainen suunnittelemassa sisustuksessa v\u00e4rimaailma pidettiin lempe\u00e4n harmonisena, jolloin ainutlaatuiset Paavo Tynellin valaisimet ja Helena Tynellin lasitaide p\u00e4\u00e4sev\u00e4t oikeuksiinsa. Katse yksityiskohtiin. T\u00e4ss\u00e4 kodissa n\u00e4kee, miten harkitut &hellip; Lue lis\u00e4\u00e4 \"Duplio Tynell\"","og_url":"https:\/\/www.lammi.fi\/kivitalo\/ideointi\/asuntomessut\/asuntomessut-2020\/duplio-tynell\/","og_site_name":"Lammi Kivitalo","article_publisher":"https:\/\/www.facebook.com\/LammiKivitalot","article_modified_time":"2023-03-30T08:35:28+00:00","og_image":[{"url":"https:\/\/www.lammi.fi\/kivitalo\/wp-content\/uploads\/sites\/2\/2020\/06\/asuntomessukohteet_kohteet_A-1024x544.jpg","type":"","width":"","height":""}],"twitter_card":"summary_large_image","twitter_misc":{"Arvioitu lukuaika":"3 minuuttia"},"schema":{"@context":"https:\/\/schema.org","@graph":[{"@type":"WebPage","@id":"https:\/\/www.lammi.fi\/kivitalo\/ideointi\/asuntomessut\/asuntomessut-2020\/duplio-tynell\/","url":"https:\/\/www.lammi.fi\/kivitalo\/ideointi\/asuntomessut\/asuntomessut-2020\/duplio-tynell\/","name":"Lammi Kivitalo - Duplio Tynell","isPartOf":{"@id":"https:\/\/www.lammi.fi\/kivitalo\/#website"},"primaryImageOfPage":{"@id":"https:\/\/www.lammi.fi\/kivitalo\/ideointi\/asuntomessut\/asuntomessut-2020\/duplio-tynell\/#primaryimage"},"image":{"@id":"https:\/\/www.lammi.fi\/kivitalo\/ideointi\/asuntomessut\/asuntomessut-2020\/duplio-tynell\/#primaryimage"},"thumbnailUrl":"https:\/\/www.lammi.fi\/kivitalo\/wp-content\/uploads\/sites\/2\/2020\/06\/asuntomessukohteet_kohteet_A-1024x544.jpg","datePublished":"2020-06-29T12:15:41+00:00","dateModified":"2023-03-30T08:35:28+00:00","breadcrumb":{"@id":"https:\/\/www.lammi.fi\/kivitalo\/ideointi\/asuntomessut\/asuntomessut-2020\/duplio-tynell\/#breadcrumb"},"inLanguage":"fi","potentialAction":[{"@type":"ReadAction","target":["https:\/\/www.lammi.fi\/kivitalo\/ideointi\/asuntomessut\/asuntomessut-2020\/duplio-tynell\/"]}]},{"@type":"ImageObject","inLanguage":"fi","@id":"https:\/\/www.lammi.fi\/kivitalo\/ideointi\/asuntomessut\/asuntomessut-2020\/duplio-tynell\/#primaryimage","url":"https:\/\/www.lammi.fi\/kivitalo\/wp-content\/uploads\/sites\/2\/2020\/06\/asuntomessukohteet_kohteet_A.jpg","contentUrl":"https:\/\/www.lammi.fi\/kivitalo\/wp-content\/uploads\/sites\/2\/2020\/06\/asuntomessukohteet_kohteet_A.jpg","width":1600,"height":850},{"@type":"BreadcrumbList","@id":"https:\/\/www.lammi.fi\/kivitalo\/ideointi\/asuntomessut\/asuntomessut-2020\/duplio-tynell\/#breadcrumb","itemListElement":[{"@type":"ListItem","position":1,"name":"Lammi.fi","item":"https:\/\/www.lammi.fi"},{"@type":"ListItem","position":2,"name":"Lammi Kivitalo","item":"https:\/\/www.lammi.fi\/kivitalo\/"},{"@type":"ListItem","position":3,"name":"Ideointi","item":"https:\/\/www.lammi.fi\/kivitalo\/ideointi\/"},{"@type":"ListItem","position":4,"name":"Asuntomessut","item":"https:\/\/www.lammi.fi\/kivitalo\/ideointi\/asuntomessut\/"},{"@type":"ListItem","position":5,"name":"Asuntomessut 2020","item":"https:\/\/www.lammi.fi\/kivitalo\/ideointi\/asuntomessut\/asuntomessut-2020\/"},{"@type":"ListItem","position":6,"name":"Duplio Tynell"}]},{"@type":"WebSite","@id":"https:\/\/www.lammi.fi\/kivitalo\/#website","url":"https:\/\/www.lammi.fi\/kivitalo\/","name":"Lammi Kivitalo","description":"","publisher":{"@id":"https:\/\/www.lammi.fi\/kivitalo\/#organization"},"potentialAction":[{"@type":"SearchAction","target":{"@type":"EntryPoint","urlTemplate":"https:\/\/www.lammi.fi\/kivitalo\/?s={search_term_string}"},"query-input":{"@type":"PropertyValueSpecification","valueRequired":true,"valueName":"search_term_string"}}],"inLanguage":"fi"},{"@type":"Organization","@id":"https:\/\/www.lammi.fi\/kivitalo\/#organization","name":"Lammi Kivitalo","url":"https:\/\/www.lammi.fi\/kivitalo\/","logo":{"@type":"ImageObject","inLanguage":"fi","@id":"https:\/\/www.lammi.fi\/kivitalo\/#\/schema\/logo\/image\/","url":"https:\/\/www.lammi.fi\/kivitalo\/wp-content\/uploads\/sites\/2\/2018\/05\/cropped-lammi_logo.png","contentUrl":"https:\/\/www.lammi.fi\/kivitalo\/wp-content\/uploads\/sites\/2\/2018\/05\/cropped-lammi_logo.png","width":240,"height":122,"caption":"Lammi Kivitalo"},"image":{"@id":"https:\/\/www.lammi.fi\/kivitalo\/#\/schema\/logo\/image\/"},"sameAs":["https:\/\/www.facebook.com\/LammiKivitalot","https:\/\/www.instagram.com\/lammikivitalot\/","https:\/\/fi.pinterest.com\/lammikivitalot\/"]}]}},"_links":{"self":[{"href":"https:\/\/www.lammi.fi\/kivitalo\/wp-json\/wp\/v2\/pages\/4263","targetHints":{"allow":["GET"]}}],"collection":[{"href":"https:\/\/www.lammi.fi\/kivitalo\/wp-json\/wp\/v2\/pages"}],"about":[{"href":"https:\/\/www.lammi.fi\/kivitalo\/wp-json\/wp\/v2\/types\/page"}],"author":[{"embeddable":true,"href":"https:\/\/www.lammi.fi\/kivitalo\/wp-json\/wp\/v2\/users\/12"}],"replies":[{"embeddable":true,"href":"https:\/\/www.lammi.fi\/kivitalo\/wp-json\/wp\/v2\/comments?post=4263"}],"version-history":[{"count":15,"href":"https:\/\/www.lammi.fi\/kivitalo\/wp-json\/wp\/v2\/pages\/4263\/revisions"}],"predecessor-version":[{"id":4775,"href":"https:\/\/www.lammi.fi\/kivitalo\/wp-json\/wp\/v2\/pages\/4263\/revisions\/4775"}],"up":[{"embeddable":true,"href":"https:\/\/www.lammi.fi\/kivitalo\/wp-json\/wp\/v2\/pages\/4260"}],"wp:attachment":[{"href":"https:\/\/www.lammi.fi\/kivitalo\/wp-json\/wp\/v2\/media?parent=4263"}],"curies":[{"name":"wp","href":"https:\/\/api.w.org\/{rel}","templated":true}]}}